{"id":2303,"date":"2014-08-25T12:39:08","date_gmt":"2014-08-25T12:39:08","guid":{"rendered":"http:\/\/agner.pt\/?page_id=2303"},"modified":"2016-09-23T14:37:20","modified_gmt":"2016-09-23T14:37:20","slug":"recursos-humanos","status":"publish","type":"page","link":"https:\/\/agner.pt\/en\/recursos-humanos\/","title":{"rendered":"RECURSOS HUMANOS"},"content":{"rendered":"<p>[vc_row rt_row_background_width=&#8221;fullwidth&#8221; rt_row_content_width=&#8221;fullwidth&#8221; rt_row_style=&#8221;alt-style-2&#8243; rt_row_borders=&#8221;&#8221; rt_row_paddings=&#8221;true&#8221; rt_bg_image=&#8221;3094&#8243; rt_bg_effect=&#8221;parallax&#8221; rt_bg_parallax_effect=&#8221;4&#8243; rt_bg_image_repeat=&#8221;repeat&#8221; rt_bg_size=&#8221;auto auto&#8221; rt_bg_position=&#8221;center center&#8221; rt_bg_video_format=&#8221;self-hosted&#8221; rt_padding_top=&#8221;50&#8243; rt_padding_bottom=&#8221;50&#8243;][vc_column rt_bg_image_repeat=&#8221;repeat&#8221; rt_bg_size=&#8221;auto auto&#8221; rt_bg_attachment=&#8221;scroll&#8221;]<div class=\"rt_heading_wrapper style-4\">\n\t\t\t\t\t\t\n\t\t\t\t\t\t<h1 class=\"rt_heading  style-4\" >RECURSOS HUMANOS<\/h1>\n\t\t\t\t\t<\/div>[\/vc_column][\/vc_row][vc_row rt_row_background_width=&#8221;default&#8221; rt_row_style=&#8221;default-style&#8221; rt_row_borders=&#8221;&#8221; rt_row_paddings=&#8221;true&#8221; rt_bg_effect=&#8221;classic&#8221; rt_bg_image_repeat=&#8221;repeat&#8221; rt_bg_size=&#8221;cover&#8221; rt_bg_position=&#8221;right top&#8221; rt_bg_attachment=&#8221;scroll&#8221; rt_bg_video_format=&#8221;self-hosted&#8221;][vc_column rt_bg_image_repeat=&#8221;repeat&#8221; rt_bg_size=&#8221;auto auto&#8221; rt_bg_attachment=&#8221;scroll&#8221;][vc_column_text]A Agner Service aposta firmemente na garantia do bem-estar de todos os seus colaboradores.<br \/>\nA empresa est\u00e1 consciente de que um ambiente de trabalho positivo \u00e9 vital para a satisfa\u00e7\u00e3o dos seus colaboradores, e que posteriormente isso se reflete num benef\u00edcio para os seus clientes.<br \/>\nPara assegurar a satisfa\u00e7\u00e3o do staff, h\u00e1 uma continua melhoria da organiza\u00e7\u00e3o interna e dos canais de comunica\u00e7\u00e3o. Os funcion\u00e1rios t\u00eam a oportunidade de apresentar propostas de melhoria e altera\u00e7\u00f5es.<br \/>\nFrequentemente os colaboradores t\u00eam forma\u00e7\u00e3o externa, ministrada por fabricantes dos produtos que utiliza.[\/vc_column_text][\/vc_column][\/vc_row][vc_row rt_row_background_width=&#8221;default&#8221; rt_row_style=&#8221;default-style&#8221; rt_row_borders=&#8221;&#8221; rt_row_paddings=&#8221;true&#8221; rt_bg_effect=&#8221;classic&#8221; rt_bg_image_repeat=&#8221;repeat&#8221; rt_bg_size=&#8221;cover&#8221; rt_bg_position=&#8221;right top&#8221; rt_bg_attachment=&#8221;scroll&#8221; rt_bg_video_format=&#8221;self-hosted&#8221;][vc_column rt_bg_image_repeat=&#8221;repeat&#8221; rt_bg_size=&#8221;auto auto&#8221; rt_bg_attachment=&#8221;scroll&#8221;]<div class=\"rt_heading_wrapper style-4\">\n\t\t\t\t\t\t\n\t\t\t\t\t\t<h1 class=\"rt_heading  style-4\" >EQUIPA AGNER<\/h1>\n\t\t\t\t\t<\/div><section id=\"staff-177176\" class=\"team border_grid clearfix  \"><div class=\"row clearfix\"><div class=\"col col-sm-3\">\n\n \n\n\t\t\t<h5 class=\"person_name\"><a href=\"https:\/\/agner.pt\/en\/team\/giancarlo-piaz\/\">Giancarlo Piaz<\/a><\/h5>\n\t\n\t\n\t<div class=\"profile\">\n\t\t\t<\/div> \n\n\t\t\n<\/div><\/div>\n<div class=\"col col-sm-3\">\n\n \n<div class=\"loop post-1872 staff type-staff status-publish has-post-thumbnail hentry\" id=\"person-1872\">\t\n\t<div class=\"person_image\">\n\t\t<div class=\"person_image_wrapper\">\n\t\t\t\n\t\t\t\t\t\t\t<a href=\"https:\/\/agner.pt\/team\/paulo-ferreirinha\/\"><img src=\"https:\/\/agner.pt\/wp-content\/uploads\/2016\/04\/background-team-e1474973139544.gif\" alt=\"\" class=\"\" \/><\/a>\n\t\t\t\t\t\t\n\t\t<\/div>\n\t\t \n\t<\/div>\n\t\n\t\t\t<h5 class=\"person_name\"><a href=\"https:\/\/agner.pt\/team\/paulo-ferreirinha\/\">Paulo Ferreirinha<\/a><\/h5>\n\t\n\t\n\t<div class=\"profile\">\n\t\t+ 351 914\u00a0856\u00a0004<br>\r\nap.ferreirinha@agner.pt\t<\/div> \n\n\t<div class=\"person_links_wrapper\"><ul class=\"social_media\"><li class=\"mail\"><a class=\"icon-mail\" target=\"_self\" href=\"mailto:ap.ferreirinha@agner.pt\" title=\"Email\"><span>Enviar Email<\/span><\/a><\/li><\/ul><\/div>\t\n<\/div><\/div>\n<div class=\"col col-sm-3\">\n\n \n<div class=\"loop post-1869 staff type-staff status-publish has-post-thumbnail hentry\" id=\"person-1869\">\t\n\t<div class=\"person_image\">\n\t\t<div class=\"person_image_wrapper\">\n\t\t\t\n\t\t\t\t\t\t\t<a href=\"https:\/\/agner.pt\/team\/fernando-rodrigues\/\"><img src=\"https:\/\/agner.pt\/wp-content\/uploads\/2016\/04\/background-team-e1474973139544.gif\" alt=\"\" class=\"\" \/><\/a>\n\t\t\t\t\t\t\n\t\t<\/div>\n\t\t \n\t<\/div>\n\t\n\t\t\t<h5 class=\"person_name\"><a href=\"https:\/\/agner.pt\/team\/fernando-rodrigues\/\">Fernando Rodrigues<\/a><\/h5>\n\t\n\t\n\t<div class=\"profile\">\n\t\t+ 351 913\u00a0780\u00a0969<br>\r\nf.rodrigues@agner.pt\t<\/div> \n\n\t<div class=\"person_links_wrapper\"><ul class=\"social_media\"><li class=\"mail\"><a class=\"icon-mail\" target=\"_self\" href=\"mailto:f.rodrigues@agner.pt\" title=\"Email\"><span>Enviar Email<\/span><\/a><\/li><\/ul><\/div>\t\n<\/div><\/div>\n<div class=\"col col-sm-3\">\n\n \n<div class=\"loop post-3472 staff type-staff status-publish has-post-thumbnail hentry\" id=\"person-3472\">\t\n\t<div class=\"person_image\">\n\t\t<div class=\"person_image_wrapper\">\n\t\t\t\n\t\t\t\t\t\t\t<a href=\"https:\/\/agner.pt\/team\/n-lopes\/\"><img src=\"https:\/\/agner.pt\/wp-content\/uploads\/2016\/04\/background-team-e1474973139544.gif\" alt=\"\" class=\"\" \/><\/a>\n\t\t\t\t\t\t\n\t\t<\/div>\n\t\t \n\t<\/div>\n\t\n\t\t\t<h5 class=\"person_name\"><a href=\"https:\/\/agner.pt\/team\/n-lopes\/\">Dep. Desenho<\/a><\/h5>\n\t\n\t\n\t<div class=\"profile\">\n\t\t+ 351 914\u00a0958\u00a0471<br>\r\nn.lopes@agner.pt\t<\/div> \n\n\t<div class=\"person_links_wrapper\"><ul class=\"social_media\"><li class=\"mail\"><a class=\"icon-mail\" target=\"_self\" href=\"mailto:n.lopes@agner.pt\" title=\"Email\"><span>Enviar Email<\/span><\/a><\/li><\/ul><\/div>\t\n<\/div><\/div>\n<\/div><div class=\"row clearfix\"><div class=\"col col-sm-3\">\n\n \n<div class=\"loop post-3474 staff type-staff status-publish has-post-thumbnail hentry\" id=\"person-3474\">\t\n\t<div class=\"person_image\">\n\t\t<div class=\"person_image_wrapper\">\n\t\t\t\n\t\t\t\t\t\t\t<a href=\"https:\/\/agner.pt\/team\/s-cerqueira\/\"><img src=\"https:\/\/agner.pt\/wp-content\/uploads\/2016\/04\/background-team-e1474973139544.gif\" alt=\"\" class=\"\" \/><\/a>\n\t\t\t\t\t\t\n\t\t<\/div>\n\t\t \n\t<\/div>\n\t\n\t\t\t<h5 class=\"person_name\"><a href=\"https:\/\/agner.pt\/team\/s-cerqueira\/\">Dep. Admin. \/ Financeiro<\/a><\/h5>\n\t\n\t\n\t<div class=\"profile\">\n\t\t+ 351 912\u00a0207\u00a0322<br>\r\ncristina@agner.pt\t<\/div> \n\n\t<div class=\"person_links_wrapper\"><ul class=\"social_media\"><li class=\"mail\"><a class=\"icon-mail\" target=\"_self\" href=\"mailto:cristina@agner.pt\" title=\"Email\"><span>Enviar Email<\/span><\/a><\/li><\/ul><\/div>\t\n<\/div><\/div>\n<div class=\"col col-sm-3\">\n\n \n<div class=\"loop post-3470 staff type-staff status-publish has-post-thumbnail hentry\" id=\"person-3470\">\t\n\t<div class=\"person_image\">\n\t\t<div class=\"person_image_wrapper\">\n\t\t\t\n\t\t\t\t\t\t\t<a href=\"https:\/\/agner.pt\/team\/cristina-fidalgo\/\"><img src=\"https:\/\/agner.pt\/wp-content\/uploads\/2016\/04\/background-team-e1474973139544.gif\" alt=\"\" class=\"\" \/><\/a>\n\t\t\t\t\t\t\n\t\t<\/div>\n\t\t \n\t<\/div>\n\t\n\t\t\t<h5 class=\"person_name\"><a href=\"https:\/\/agner.pt\/team\/cristina-fidalgo\/\">Dep. Admin. \/ Financeiro<\/a><\/h5>\n\t\n\t\n\t<div class=\"profile\">\n\t\t+ 351 917\u00a0258\u00a0355<br>\r\nc.azevedo@agner.pt\t<\/div> \n\n\t<div class=\"person_links_wrapper\"><ul class=\"social_media\"><li class=\"mail\"><a class=\"icon-mail\" target=\"_self\" href=\"mailto:c.azevedo@agner.pt\" title=\"Email\"><span>Enviar Email<\/span><\/a><\/li><\/ul><\/div>\t\n<\/div><\/div>\n<div class=\"col col-sm-3\">\n\n \n<div class=\"loop post-1867 staff type-staff status-publish has-post-thumbnail hentry\" id=\"person-1867\">\t\n\t<div class=\"person_image\">\n\t\t<div class=\"person_image_wrapper\">\n\t\t\t\n\t\t\t\t\t\t\t<a href=\"https:\/\/agner.pt\/team\/catarina-azevedo\/\"><img src=\"https:\/\/agner.pt\/wp-content\/uploads\/2016\/04\/background-team-e1474973139544.gif\" alt=\"\" class=\"\" \/><\/a>\n\t\t\t\t\t\t\n\t\t<\/div>\n\t\t \n\t<\/div>\n\t\n\t\t\t<h5 class=\"person_name\"><a href=\"https:\/\/agner.pt\/team\/catarina-azevedo\/\">Dep. Admin. \/ Financeiro<\/a><\/h5>\n\t\n\t\n\t<div class=\"profile\">\n\t\t+ 351 913 724 897<br>\r\ns.cerqueira@agner.pt\t<\/div> \n\n\t<div class=\"person_links_wrapper\"><ul class=\"social_media\"><li class=\"mail\"><a class=\"icon-mail\" target=\"_self\" href=\"mailto:s.cerqueira@agner.pt\" title=\"Email\"><span>Enviar Email <\/span><\/a><\/li><\/ul><\/div>\t\n<\/div><\/div>\n<\/div><\/section>[\/vc_column][\/vc_row]<\/p>\n","protected":false},"excerpt":{"rendered":"<p>[vc_row rt_row_background_width=&#8221;fullwidth&#8221; rt_row_content_width=&#8221;fullwidth&#8221; rt_row_style=&#8221;alt-style-2&#8243; rt_row_borders=&#8221;&#8221; rt_row_paddings=&#8221;true&#8221; rt_bg_image=&#8221;3094&#8243; rt_bg_effect=&#8221;parallax&#8221; rt_bg_parallax_effect=&#8221;4&#8243; rt_bg_image_repeat=&#8221;repeat&#8221; rt_bg_size=&#8221;auto auto&#8221; rt_bg_position=&#8221;center center&#8221; rt_bg_video_format=&#8221;self-hosted&#8221; rt_padding_top=&#8221;50&#8243; rt_padding_bottom=&#8221;50&#8243;][vc_column rt_bg_image_repeat=&#8221;repeat&#8221; rt_bg_size=&#8221;auto auto&#8221; rt_bg_attachment=&#8221;scroll&#8221;][\/vc_column][\/vc_row][vc_row rt_row_background_width=&#8221;default&#8221; rt_row_style=&#8221;default-style&#8221; rt_row_borders=&#8221;&#8221; rt_row_paddings=&#8221;true&#8221; rt_bg_effect=&#8221;classic&#8221; rt_bg_image_repeat=&#8221;repeat&#8221; rt_bg_size=&#8221;cover&#8221; rt_bg_position=&#8221;right top&#8221; rt_bg_attachment=&#8221;scroll&#8221; rt_bg_video_format=&#8221;self-hosted&#8221;][vc_column rt_bg_image_repeat=&#8221;repeat&#8221; rt_bg_size=&#8221;auto auto&#8221; rt_bg_attachment=&#8221;scroll&#8221;][vc_column_text]A Agner Service aposta firmemente na garantia do bem-estar de todos os seus colaboradores. A empresa est\u00e1 consciente de que [&hellip;]<\/p>\n","protected":false},"author":1,"featured_media":0,"parent":0,"menu_order":2,"comment_status":"closed","ping_status":"closed","template":"","meta":[],"_links":{"self":[{"href":"https:\/\/agner.pt\/en\/wp-json\/wp\/v2\/pages\/2303"}],"collection":[{"href":"https:\/\/agner.pt\/en\/wp-json\/wp\/v2\/pages"}],"about":[{"href":"https:\/\/agner.pt\/en\/wp-json\/wp\/v2\/types\/page"}],"author":[{"embeddable":true,"href":"https:\/\/agner.pt\/en\/wp-json\/wp\/v2\/users\/1"}],"replies":[{"embeddable":true,"href":"https:\/\/agner.pt\/en\/wp-json\/wp\/v2\/comments?post=2303"}],"version-history":[{"count":10,"href":"https:\/\/agner.pt\/en\/wp-json\/wp\/v2\/pages\/2303\/revisions"}],"predecessor-version":[{"id":3507,"href":"https:\/\/agner.pt\/en\/wp-json\/wp\/v2\/pages\/2303\/revisions\/3507"}],"wp:attachment":[{"href":"https:\/\/agner.pt\/en\/wp-json\/wp\/v2\/media?parent=2303"}],"curies":[{"name":"wp","href":"https:\/\/api.w.org\/{rel}","templated":true}]}}